{"version":"1.0","provider_name":"Txell Patxot. Arquitectura y dise\u00f1o","provider_url":"https:\/\/txellpatxotarquitectura.com","author_name":"txellpatxotarquitectura.com","author_url":"https:\/\/txellpatxotarquitectura.com\/index.php\/author\/txellpatxotarquitectura-com\/","title":"\u00dcnl\u00fc Havac\u0131lar ve Yazar Olma Yolculuklar\u0131 - Txell Patxot. Arquitectura y dise\u00f1o","type":"rich","width":600,"height":338,"html":"<blockquote class=\"wp-embedded-content\" data-secret=\"0YleDrsM5a\"><a href=\"https:\/\/txellpatxotarquitectura.com\/index.php\/2025\/02\/02\/unlu-havacilar-ve-yazar-olma-yolculuklari\/\">\u00dcnl\u00fc Havac\u0131lar ve Yazar Olma Yolculuklar\u0131<\/a><\/blockquote><iframe sandbox=\"allow-scripts\" security=\"restricted\" src=\"https:\/\/txellpatxotarquitectura.com\/index.php\/2025\/02\/02\/unlu-havacilar-ve-yazar-olma-yolculuklari\/embed\/#?secret=0YleDrsM5a\" width=\"600\" height=\"338\" title=\"\u00ab\u00dcnl\u00fc Havac\u0131lar ve Yazar Olma Yolculuklar\u0131\u00bb \u2014 Txell Patxot. Arquitectura y dise\u00f1o\" data-secret=\"0YleDrsM5a\" frameborder=\"0\" marginwidth=\"0\" marginheight=\"0\" scrolling=\"no\" class=\"wp-embedded-content\"><\/iframe><script type=\"text\/javascript\">\n\/* <![CDATA[ *\/\n\/*! This file is auto-generated *\/\n!function(d,l){\"use strict\";l.querySelector&&d.addEventListener&&\"undefined\"!=typeof URL&&(d.wp=d.wp||{},d.wp.receiveEmbedMessage||(d.wp.receiveEmbedMessage=function(e){var t=e.data;if((t||t.secret||t.message||t.value)&&!\/[^a-zA-Z0-9]\/.test(t.secret)){for(var s,r,n,a=l.querySelectorAll('iframe[data-secret=\"'+t.secret+'\"]'),o=l.querySelectorAll('blockquote[data-secret=\"'+t.secret+'\"]'),c=new RegExp(\"^https?:$\",\"i\"),i=0;i<o.length;i++)o[i].style.display=\"none\";for(i=0;i<a.length;i++)s=a[i],e.source===s.contentWindow&&(s.removeAttribute(\"style\"),\"height\"===t.message?(1e3<(r=parseInt(t.value,10))?r=1e3:~~r<200&&(r=200),s.height=r):\"link\"===t.message&&(r=new URL(s.getAttribute(\"src\")),n=new URL(t.value),c.test(n.protocol))&&n.host===r.host&&l.activeElement===s&&(d.top.location.href=t.value))}},d.addEventListener(\"message\",d.wp.receiveEmbedMessage,!1),l.addEventListener(\"DOMContentLoaded\",function(){for(var e,t,s=l.querySelectorAll(\"iframe.wp-embedded-content\"),r=0;r<s.length;r++)(t=(e=s[r]).getAttribute(\"data-secret\"))||(t=Math.random().toString(36).substring(2,12),e.src+=\"#?secret=\"+t,e.setAttribute(\"data-secret\",t)),e.contentWindow.postMessage({message:\"ready\",secret:t},\"*\")},!1)))}(window,document);\n\/\/# sourceURL=https:\/\/txellpatxotarquitectura.com\/wp-includes\/js\/wp-embed.min.js\n\/* ]]> *\/\n<\/script>\n","description":"\u00dcnl\u00fc Havac\u0131lar ve Yazar Olma Yolculuklar\u0131 Havac\u0131l\u0131k tarihinde iz b\u0131rakan bir\u00e7ok pilot, u\u00e7ma deneyimlerini ve hayat hikayelerini edebi d\u00fcnyaya da ta\u015f\u0131m\u0131\u015ft\u0131r. \u00ab\u00dcnl\u00fc Havac\u0131lar Kimlerdir ve Hangi Eserleri Yazm\u0131\u015flard\u0131r?\u00bb sorusunun yan\u0131t\u0131n\u0131 bu makalede bulabilirsiniz. Havac\u0131l\u0131\u011f\u0131n s\u0131n\u0131rlar\u0131n\u0131 zorlayarak tarihe ge\u00e7en bu cesur ki\u015filer, kaleme ald\u0131klar\u0131 eserlerle bizlere kendi d\u00fcnyalar\u0131ndan pencereler a\u00e7maktad\u0131r. Havac\u0131l\u0131\u011f\u0131n Kaleme D\u00f6k\u00fclen Hikayeleri Bir\u00e7ok pilot, [&hellip;]"}