{"version":"1.0","provider_name":"Txell Patxot. Arquitectura y dise\u00f1o","provider_url":"https:\/\/txellpatxotarquitectura.com","author_name":"txellpatxotarquitectura.com","author_url":"https:\/\/txellpatxotarquitectura.com\/index.php\/author\/txellpatxotarquitectura-com\/","title":"BAH\u00c7E - Txell Patxot. Arquitectura y dise\u00f1o","type":"rich","width":600,"height":338,"html":"<blockquote class=\"wp-embedded-content\" data-secret=\"7RMW65kJXY\"><a href=\"https:\/\/txellpatxotarquitectura.com\/index.php\/2024\/12\/17\/bahce\/\">BAH\u00c7E<\/a><\/blockquote><iframe sandbox=\"allow-scripts\" security=\"restricted\" src=\"https:\/\/txellpatxotarquitectura.com\/index.php\/2024\/12\/17\/bahce\/embed\/#?secret=7RMW65kJXY\" width=\"600\" height=\"338\" title=\"\u00abBAH\u00c7E\u00bb \u2014 Txell Patxot. Arquitectura y dise\u00f1o\" data-secret=\"7RMW65kJXY\" frameborder=\"0\" marginwidth=\"0\" marginheight=\"0\" scrolling=\"no\" class=\"wp-embedded-content\"><\/iframe><script type=\"text\/javascript\">\n\/* <![CDATA[ *\/\n\/*! This file is auto-generated *\/\n!function(d,l){\"use strict\";l.querySelector&&d.addEventListener&&\"undefined\"!=typeof URL&&(d.wp=d.wp||{},d.wp.receiveEmbedMessage||(d.wp.receiveEmbedMessage=function(e){var t=e.data;if((t||t.secret||t.message||t.value)&&!\/[^a-zA-Z0-9]\/.test(t.secret)){for(var s,r,n,a=l.querySelectorAll('iframe[data-secret=\"'+t.secret+'\"]'),o=l.querySelectorAll('blockquote[data-secret=\"'+t.secret+'\"]'),c=new RegExp(\"^https?:$\",\"i\"),i=0;i<o.length;i++)o[i].style.display=\"none\";for(i=0;i<a.length;i++)s=a[i],e.source===s.contentWindow&&(s.removeAttribute(\"style\"),\"height\"===t.message?(1e3<(r=parseInt(t.value,10))?r=1e3:~~r<200&&(r=200),s.height=r):\"link\"===t.message&&(r=new URL(s.getAttribute(\"src\")),n=new URL(t.value),c.test(n.protocol))&&n.host===r.host&&l.activeElement===s&&(d.top.location.href=t.value))}},d.addEventListener(\"message\",d.wp.receiveEmbedMessage,!1),l.addEventListener(\"DOMContentLoaded\",function(){for(var e,t,s=l.querySelectorAll(\"iframe.wp-embedded-content\"),r=0;r<s.length;r++)(t=(e=s[r]).getAttribute(\"data-secret\"))||(t=Math.random().toString(36).substring(2,12),e.src+=\"#?secret=\"+t,e.setAttribute(\"data-secret\",t)),e.contentWindow.postMessage({message:\"ready\",secret:t},\"*\")},!1)))}(window,document);\n\/\/# sourceURL=https:\/\/txellpatxotarquitectura.com\/wp-includes\/js\/wp-embed.min.js\n\/* ]]> *\/\n<\/script>\n","description":"\u200bEvsel sulardan \u200celde edilen\u2063 gri su, tar\u0131msal \u2063sulama i\u00e7in yeniden kullan\u0131labilir ve bu da tatl\u0131 su kaynaklar\u0131 \u00fczerindeki\u2062 bask\u0131y\u0131 azalt\u0131r. Ak\u0131ll\u0131\u200d sulama \u2064sistemleri \u200dile entegre edilen bu y\u00f6ntemler, su\u200b kaynaklar\u0131n\u0131n korunmas\u0131nda b\u00fcy\u00fck avantaj sa\u011flar. Ayr\u0131ca, ya\u011fmur hasad\u0131 sistemleri ile\u2064 ya\u011fmur suyu \u2062depolanarak kurak d\u00f6nemlerde kullan\u0131labilir. Su kaynaklar\u0131 y\u00f6netimi, su tahsisinin kar\u015f\u0131 kar\u015f\u0131ya oldu\u011fu mevcut ve [&hellip;]"}